{"id":1382,"date":"2023-06-18T18:11:10","date_gmt":"2023-06-18T18:11:10","guid":{"rendered":"https:\/\/luxvil.hu\/?page_id=1382"},"modified":"2023-06-29T11:01:11","modified_gmt":"2023-06-29T11:01:11","slug":"programme","status":"publish","type":"page","link":"https:\/\/luxvil.hu\/de\/programme\/","title":{"rendered":"Programme"},"content":{"rendered":"\t\t<div data-elementor-type=\"wp-page\" data-elementor-id=\"1382\" class=\"elementor elementor-1382\" data-elementor-post-type=\"page\">\n\t\t\t\t\t\t<section class=\"elementor-section elementor-top-section elementor-element elementor-element-f73cc86 elementor-section-boxed elementor-section-height-default elementor-section-height-default\" data-id=\"f73cc86\" data-element_type=\"section\">\n\t\t\t\t\t\t<div class=\"elementor-container elementor-column-gap-default\">\n\t\t\t\t\t<div class=\"elementor-column elementor-col-100 elementor-top-column elementor-element elementor-element-947174a\" data-id=\"947174a\" data-element_type=\"column\">\n\t\t\t<div class=\"elementor-widget-wrap elementor-element-populated\">\n\t\t\t\t\t\t<div class=\"elementor-element elementor-element-23a8de8 elementor-widget elementor-widget-heading\" data-id=\"23a8de8\" data-element_type=\"widget\" data-widget_type=\"heading.default\">\n\t\t\t\t<div class=\"elementor-widget-container\">\n\t\t\t\t\t<h2 class=\"elementor-heading-title elementor-size-default\">Chill &amp; BBQ &amp; Balaton - viele Programme warten auf Sie\n<\/h2>\t\t\t\t<\/div>\n\t\t\t\t<\/div>\n\t\t\t\t<div class=\"elementor-element elementor-element-09d5417 elementor-widget elementor-widget-text-editor\" data-id=\"09d5417\" data-element_type=\"widget\" data-widget_type=\"text-editor.default\">\n\t\t\t\t<div class=\"elementor-widget-container\">\n\t\t\t\t\t\t\t\t\t<p>Programmm\u00f6glichkeiten im LuxVil Apartmentgel\u00e4nde im Sommer und an jedem Tag des Jahres.<\/p>\t\t\t\t\t\t\t\t<\/div>\n\t\t\t\t<\/div>\n\t\t<div class=\"elementor-element elementor-element-cc68f1c e-grid e-con-boxed e-con e-parent\" data-id=\"cc68f1c\" data-element_type=\"container\">\n\t\t\t\t\t<div class=\"e-con-inner\">\n\t\t\t\t<div class=\"elementor-element elementor-element-931cd0a elementor-position-top elementor-widget elementor-widget-image-box\" data-id=\"931cd0a\" data-element_type=\"widget\" data-widget_type=\"image-box.default\">\n\t\t\t\t<div class=\"elementor-widget-container\">\n\t\t\t\t\t<div class=\"elementor-image-box-wrapper\"><figure class=\"elementor-image-box-img\"><img decoding=\"async\" src=\"https:\/\/luxvil.hu\/wp-content\/uploads\/elementor\/thumbs\/LuxVil-Apartman-Balatonkeresztur_hdr1-173-1-q85ccdzwdd38aitsw05tp0jcut0rbhr8og4jnrmm0w.jpg\" title=\"LuxVil-Apartman-Balatonkeresztur_hdr1-173.jpg\" alt=\"LuxVil-Apartman-Balatonkeresztur_hdr1-173.jpg\" loading=\"lazy\" \/><\/figure><div class=\"elementor-image-box-content\"><h3 class=\"elementor-image-box-title\">Grillen<\/h3><p class=\"elementor-image-box-description\">Im Garten hinter dem Apartmenthaus gibt es einen \u00fcberdachten, gegen Einblick von zwei Seiten gesch\u00fctzten privaten Pergola und Grillplatz.<\/p><\/div><\/div>\t\t\t\t<\/div>\n\t\t\t\t<\/div>\n\t\t\t\t<div class=\"elementor-element elementor-element-218692f elementor-position-top elementor-widget elementor-widget-image-box\" data-id=\"218692f\" data-element_type=\"widget\" data-widget_type=\"image-box.default\">\n\t\t\t\t<div class=\"elementor-widget-container\">\n\t\t\t\t\t<div class=\"elementor-image-box-wrapper\"><figure class=\"elementor-image-box-img\"><img decoding=\"async\" src=\"https:\/\/luxvil.hu\/wp-content\/uploads\/elementor\/thumbs\/LuxVil-Apartman-medence-DSCF4151.00_19_29_18.Still030-1-q85ccfvkr15sxqr2l0z2u02a1krhqvypcpfimbjtog.jpg\" title=\"LuxVil-Apartman-medence-DSCF4151.00_19_29_18.Still030.jpg\" alt=\"LuxVil-Apartman-medence-DSCF4151.00_19_29_18.Still030.jpg\" loading=\"lazy\" \/><\/figure><div class=\"elementor-image-box-content\"><h3 class=\"elementor-image-box-title\">Schwimmbad<\/h3><p class=\"elementor-image-box-description\">Im Garten befindet sich ein zum Schwimmen geeignetes Schwimmbad. Dank der mobilen Poolabdeckung und dem K\u00fchl- und Heizsystem bietet der Pool auch in der fr\u00fchen oder sp\u00e4ten Urlaubssaison sowie bei k\u00fchlerem Wetter uneingeschr\u00e4nkte Entspannung.\n<\/p><\/div><\/div>\t\t\t\t<\/div>\n\t\t\t\t<\/div>\n\t\t\t\t<div class=\"elementor-element elementor-element-d7a412c elementor-position-top elementor-widget elementor-widget-image-box\" data-id=\"d7a412c\" data-element_type=\"widget\" data-widget_type=\"image-box.default\">\n\t\t\t\t<div class=\"elementor-widget-container\">\n\t\t\t\t\t<div class=\"elementor-image-box-wrapper\"><figure class=\"elementor-image-box-img\"><img decoding=\"async\" src=\"https:\/\/luxvil.hu\/wp-content\/uploads\/elementor\/thumbs\/Polgar-utcai-szabadstrand-Balatonmariafurdo\u200b-q85nd00c2s0r3aq6yfwsrxj49q695u9yjhq3gvkglc.jpg\" title=\"Polg\u00e1r utcai szabadstrand, Balatonm\u00e1riaf\u00fcrd\u0151\u200b\" alt=\"Polg\u00e1r utcai szabadstrand, Balatonm\u00e1riaf\u00fcrd\u0151\u200b\" loading=\"lazy\" \/><\/figure><div class=\"elementor-image-box-content\"><h3 class=\"elementor-image-box-title\">Wandern<\/h3><p class=\"elementor-image-box-description\">Die nahe gelegenen gro\u00dfen Str\u00e4nde und Thermalb\u00e4der (H\u00e9v\u00edz, Igal, Csisztapuszta, Zalakaros) k\u00f6nnen auch mit dem Fahrrad besucht werden.\n<\/p><\/div><\/div>\t\t\t\t<\/div>\n\t\t\t\t<\/div>\n\t\t\t\t\t<\/div>\n\t\t\t\t<\/div>\n\t\t\t\t\t<\/div>\n\t\t<\/div>\n\t\t\t\t\t<\/div>\n\t\t<\/section>\n\t\t\t\t<section class=\"elementor-section elementor-top-section elementor-element elementor-element-9e6be94 elementor-section-boxed elementor-section-height-default elementor-section-height-default\" data-id=\"9e6be94\" data-element_type=\"section\" data-settings=\"{&quot;background_background&quot;:&quot;classic&quot;}\">\n\t\t\t\t\t\t<div class=\"elementor-container elementor-column-gap-default\">\n\t\t\t\t\t<div class=\"elementor-column elementor-col-100 elementor-top-column elementor-element elementor-element-074d15e\" data-id=\"074d15e\" data-element_type=\"column\">\n\t\t\t<div class=\"elementor-widget-wrap elementor-element-populated\">\n\t\t\t\t\t\t<div class=\"elementor-element elementor-element-404493b elementor-widget elementor-widget-heading\" data-id=\"404493b\" data-element_type=\"widget\" data-widget_type=\"heading.default\">\n\t\t\t\t<div class=\"elementor-widget-container\">\n\t\t\t\t\t<h2 class=\"elementor-heading-title elementor-size-default\">Sommerprogramme in und um Balatonkereszt\u00far\n<\/h2>\t\t\t\t<\/div>\n\t\t\t\t<\/div>\n\t\t\t\t<div class=\"elementor-element elementor-element-d858173 elementor-widget elementor-widget-heading\" data-id=\"d858173\" data-element_type=\"widget\" data-widget_type=\"heading.default\">\n\t\t\t\t<div class=\"elementor-widget-container\">\n\t\t\t\t\t<h3 class=\"elementor-heading-title elementor-size-default\">Restaurants, Bars in Balatonkereszt\u00far und Umgebung<\/h3>\t\t\t\t<\/div>\n\t\t\t\t<\/div>\n\t\t<div class=\"elementor-element elementor-element-8834762 e-grid e-con-boxed e-con e-parent\" data-id=\"8834762\" data-element_type=\"container\">\n\t\t\t\t\t<div class=\"e-con-inner\">\n\t\t\t\t<div class=\"elementor-element elementor-element-df11491 elementor-position-top elementor-widget elementor-widget-image-box\" data-id=\"df11491\" data-element_type=\"widget\" data-widget_type=\"image-box.default\">\n\t\t\t\t<div class=\"elementor-widget-container\">\n\t\t\t\t\t<div class=\"elementor-image-box-wrapper\"><figure class=\"elementor-image-box-img\"><a href=\"https:\/\/www.facebook.com\/pincenkert\" tabindex=\"-1\"><img fetchpriority=\"high\" decoding=\"async\" width=\"720\" height=\"482\" src=\"https:\/\/luxvil.hu\/wp-content\/uploads\/2023\/06\/6911-211004103058500601.jpg\" class=\"attachment-full size-full wp-image-1057\" alt=\"\" srcset=\"https:\/\/luxvil.hu\/wp-content\/uploads\/2023\/06\/6911-211004103058500601.jpg 720w, https:\/\/luxvil.hu\/wp-content\/uploads\/2023\/06\/6911-211004103058500601-300x201.jpg 300w\" sizes=\"(max-width: 720px) 100vw, 720px\" \/><\/a><\/figure><div class=\"elementor-image-box-content\"><h3 class=\"elementor-image-box-title\"><a href=\"https:\/\/www.facebook.com\/pincenkert\">Pincekert Restaurant<\/a><\/h3><\/div><\/div>\t\t\t\t<\/div>\n\t\t\t\t<\/div>\n\t\t\t\t<div class=\"elementor-element elementor-element-b7a6a5c elementor-position-top elementor-widget elementor-widget-image-box\" data-id=\"b7a6a5c\" data-element_type=\"widget\" data-widget_type=\"image-box.default\">\n\t\t\t\t<div class=\"elementor-widget-container\">\n\t\t\t\t\t<div class=\"elementor-image-box-wrapper\"><figure class=\"elementor-image-box-img\"><a href=\"https:\/\/www.facebook.com\/playabistro\/\" tabindex=\"-1\"><img decoding=\"async\" width=\"1037\" height=\"691\" src=\"https:\/\/luxvil.hu\/wp-content\/uploads\/2023\/06\/68497.jpg\" class=\"attachment-full size-full wp-image-1039\" alt=\"\" srcset=\"https:\/\/luxvil.hu\/wp-content\/uploads\/2023\/06\/68497.jpg 1037w, https:\/\/luxvil.hu\/wp-content\/uploads\/2023\/06\/68497-300x200.jpg 300w, https:\/\/luxvil.hu\/wp-content\/uploads\/2023\/06\/68497-1024x682.jpg 1024w, https:\/\/luxvil.hu\/wp-content\/uploads\/2023\/06\/68497-768x512.jpg 768w\" sizes=\"(max-width: 1037px) 100vw, 1037px\" \/><\/a><\/figure><div class=\"elementor-image-box-content\"><h3 class=\"elementor-image-box-title\"><a href=\"https:\/\/www.facebook.com\/playabistro\/\">Playa Bistro &amp; Bar<\/a><\/h3><\/div><\/div>\t\t\t\t<\/div>\n\t\t\t\t<\/div>\n\t\t\t\t<div class=\"elementor-element elementor-element-f829d72 elementor-position-top elementor-widget elementor-widget-image-box\" data-id=\"f829d72\" data-element_type=\"widget\" data-widget_type=\"image-box.default\">\n\t\t\t\t<div class=\"elementor-widget-container\">\n\t\t\t\t\t<div class=\"elementor-image-box-wrapper\"><figure class=\"elementor-image-box-img\"><a href=\"https:\/\/welovebalaton.hu\/hely\/racz-pekseg\" tabindex=\"-1\"><img decoding=\"async\" width=\"922\" height=\"615\" src=\"https:\/\/luxvil.hu\/wp-content\/uploads\/2023\/06\/Racz-Pekseg-Manufaktura\u200b.jpg\" class=\"attachment-full size-full wp-image-1048\" alt=\"\" srcset=\"https:\/\/luxvil.hu\/wp-content\/uploads\/2023\/06\/Racz-Pekseg-Manufaktura\u200b.jpg 922w, https:\/\/luxvil.hu\/wp-content\/uploads\/2023\/06\/Racz-Pekseg-Manufaktura\u200b-300x200.jpg 300w, https:\/\/luxvil.hu\/wp-content\/uploads\/2023\/06\/Racz-Pekseg-Manufaktura\u200b-768x512.jpg 768w\" sizes=\"(max-width: 922px) 100vw, 922px\" \/><\/a><\/figure><div class=\"elementor-image-box-content\"><h3 class=\"elementor-image-box-title\"><a href=\"https:\/\/welovebalaton.hu\/hely\/racz-pekseg\">R\u00e1cz B\u00e4ckerei Manufaktur<\/a><\/h3><\/div><\/div>\t\t\t\t<\/div>\n\t\t\t\t<\/div>\n\t\t\t\t<div class=\"elementor-element elementor-element-eb32974 elementor-position-top elementor-widget elementor-widget-image-box\" data-id=\"eb32974\" data-element_type=\"widget\" data-widget_type=\"image-box.default\">\n\t\t\t\t<div class=\"elementor-widget-container\">\n\t\t\t\t\t<div class=\"elementor-image-box-wrapper\"><figure class=\"elementor-image-box-img\"><a href=\"https:\/\/www.facebook.com\/BokaVendeglo\/\" tabindex=\"-1\"><img decoding=\"async\" src=\"https:\/\/luxvil.hu\/wp-content\/uploads\/elementor\/thumbs\/Boka-Vendeglo\u200b-q85nkljdbkf6xtovl858fii94uq2drful3ke4eawao.jpg\" title=\"B\u00f3ka Vend\u00e9gl\u0151\u200b\" alt=\"B\u00f3ka Vend\u00e9gl\u0151\u200b\" loading=\"lazy\" \/><\/a><\/figure><div class=\"elementor-image-box-content\"><h3 class=\"elementor-image-box-title\"><a href=\"https:\/\/www.facebook.com\/BokaVendeglo\/\">B\u00f3ka Restaurant<\/a><\/h3><\/div><\/div>\t\t\t\t<\/div>\n\t\t\t\t<\/div>\n\t\t\t\t\t<\/div>\n\t\t\t\t<\/div>\n\t\t\t\t\t<\/div>\n\t\t<\/div>\n\t\t\t\t\t<\/div>\n\t\t<\/section>\n\t\t\t\t<section class=\"elementor-section elementor-top-section elementor-element elementor-element-2db5a84 elementor-section-boxed elementor-section-height-default elementor-section-height-default\" data-id=\"2db5a84\" data-element_type=\"section\">\n\t\t\t\t\t\t<div class=\"elementor-container elementor-column-gap-default\">\n\t\t\t\t\t<div class=\"elementor-column elementor-col-100 elementor-top-column elementor-element elementor-element-1f670e9\" data-id=\"1f670e9\" data-element_type=\"column\">\n\t\t\t<div class=\"elementor-widget-wrap elementor-element-populated\">\n\t\t\t\t\t\t<div class=\"elementor-element elementor-element-b6a7710 elementor-widget elementor-widget-heading\" data-id=\"b6a7710\" data-element_type=\"widget\" data-widget_type=\"heading.default\">\n\t\t\t\t<div class=\"elementor-widget-container\">\n\t\t\t\t\t<h2 class=\"elementor-heading-title elementor-size-default\">Independent beaches and baths on site and in the vicinity of Balatonkereszt\u00far\n<\/h2>\t\t\t\t<\/div>\n\t\t\t\t<\/div>\n\t\t<div class=\"elementor-element elementor-element-c847a2e e-grid e-con-boxed e-con e-parent\" data-id=\"c847a2e\" data-element_type=\"container\">\n\t\t\t\t\t<div class=\"e-con-inner\">\n\t\t\t\t<div class=\"elementor-element elementor-element-389717f elementor-position-top elementor-widget elementor-widget-image-box\" data-id=\"389717f\" data-element_type=\"widget\" data-widget_type=\"image-box.default\">\n\t\t\t\t<div class=\"elementor-widget-container\">\n\t\t\t\t\t<div class=\"elementor-image-box-wrapper\"><figure class=\"elementor-image-box-img\"><a href=\"https:\/\/strand.hu\/strand\/vitorlas-utcai-szabadstrand-529\" tabindex=\"-1\"><img loading=\"lazy\" decoding=\"async\" width=\"810\" height=\"419\" src=\"https:\/\/luxvil.hu\/wp-content\/uploads\/2023\/06\/Vitorlas-utcai-szabadstrand-Balatonkeresztur\u200b-e1687114837728.jpg\" class=\"attachment-full size-full wp-image-1042\" alt=\"\" srcset=\"https:\/\/luxvil.hu\/wp-content\/uploads\/2023\/06\/Vitorlas-utcai-szabadstrand-Balatonkeresztur\u200b-e1687114837728.jpg 810w, https:\/\/luxvil.hu\/wp-content\/uploads\/2023\/06\/Vitorlas-utcai-szabadstrand-Balatonkeresztur\u200b-e1687114837728-300x155.jpg 300w, https:\/\/luxvil.hu\/wp-content\/uploads\/2023\/06\/Vitorlas-utcai-szabadstrand-Balatonkeresztur\u200b-e1687114837728-768x397.jpg 768w\" sizes=\"(max-width: 810px) 100vw, 810px\" \/><\/a><\/figure><div class=\"elementor-image-box-content\"><h3 class=\"elementor-image-box-title\"><a href=\"https:\/\/strand.hu\/strand\/vitorlas-utcai-szabadstrand-529\">Freier Strand Vitorl\u00e1s utca, Balatonkereszt\u00far<\/a><\/h3><\/div><\/div>\t\t\t\t<\/div>\n\t\t\t\t<\/div>\n\t\t\t\t<div class=\"elementor-element elementor-element-af9468b elementor-position-top elementor-widget elementor-widget-image-box\" data-id=\"af9468b\" data-element_type=\"widget\" data-widget_type=\"image-box.default\">\n\t\t\t\t<div class=\"elementor-widget-container\">\n\t\t\t\t\t<div class=\"elementor-image-box-wrapper\"><figure class=\"elementor-image-box-img\"><a href=\"https:\/\/www.balatonmariafurdo.hu\/bardos-szabad-strand\/\" tabindex=\"-1\"><img loading=\"lazy\" decoding=\"async\" width=\"960\" height=\"516\" src=\"https:\/\/luxvil.hu\/wp-content\/uploads\/2023\/06\/Bardos-strand-Balatonmariafurdo\u200b-e1687114848931.jpg\" class=\"attachment-full size-full wp-image-1075\" alt=\"\" srcset=\"https:\/\/luxvil.hu\/wp-content\/uploads\/2023\/06\/Bardos-strand-Balatonmariafurdo\u200b-e1687114848931.jpg 960w, https:\/\/luxvil.hu\/wp-content\/uploads\/2023\/06\/Bardos-strand-Balatonmariafurdo\u200b-e1687114848931-300x161.jpg 300w, https:\/\/luxvil.hu\/wp-content\/uploads\/2023\/06\/Bardos-strand-Balatonmariafurdo\u200b-e1687114848931-768x413.jpg 768w\" sizes=\"(max-width: 960px) 100vw, 960px\" \/><\/a><\/figure><div class=\"elementor-image-box-content\"><h3 class=\"elementor-image-box-title\"><a href=\"https:\/\/www.balatonmariafurdo.hu\/bardos-szabad-strand\/\">B\u00e1rdos strand, Balatonm\u00e1riaf\u00fcrd\u0151<\/a><\/h3><\/div><\/div>\t\t\t\t<\/div>\n\t\t\t\t<\/div>\n\t\t\t\t<div class=\"elementor-element elementor-element-01ecad2 elementor-position-top elementor-widget elementor-widget-image-box\" data-id=\"01ecad2\" data-element_type=\"widget\" data-widget_type=\"image-box.default\">\n\t\t\t\t<div class=\"elementor-widget-container\">\n\t\t\t\t\t<div class=\"elementor-image-box-wrapper\"><figure class=\"elementor-image-box-img\"><a href=\"https:\/\/www.balatonmariafurdo.hu\/kozponti-fizeto-strand\/\" tabindex=\"-1\"><img loading=\"lazy\" decoding=\"async\" width=\"630\" height=\"315\" src=\"https:\/\/luxvil.hu\/wp-content\/uploads\/2023\/06\/Fizetos-strand-Balatonmariafurdo\u200b.jpg\" class=\"attachment-full size-full wp-image-1066\" alt=\"\" srcset=\"https:\/\/luxvil.hu\/wp-content\/uploads\/2023\/06\/Fizetos-strand-Balatonmariafurdo\u200b.jpg 630w, https:\/\/luxvil.hu\/wp-content\/uploads\/2023\/06\/Fizetos-strand-Balatonmariafurdo\u200b-300x150.jpg 300w\" sizes=\"(max-width: 630px) 100vw, 630px\" \/><\/a><\/figure><div class=\"elementor-image-box-content\"><h3 class=\"elementor-image-box-title\"><a href=\"https:\/\/www.balatonmariafurdo.hu\/kozponti-fizeto-strand\/\">Kostenpflichtiger strand, Balatonm\u00e1riaf\u00fcrd\u0151<\/a><\/h3><\/div><\/div>\t\t\t\t<\/div>\n\t\t\t\t<\/div>\n\t\t\t\t<div class=\"elementor-element elementor-element-c42610d elementor-position-top elementor-widget elementor-widget-image-box\" data-id=\"c42610d\" data-element_type=\"widget\" data-widget_type=\"image-box.default\">\n\t\t\t\t<div class=\"elementor-widget-container\">\n\t\t\t\t\t<div class=\"elementor-image-box-wrapper\"><figure class=\"elementor-image-box-img\"><a href=\"https:\/\/strand.hu\/strand\/hajoallomas-szabadstrand-321\" tabindex=\"-1\"><img loading=\"lazy\" decoding=\"async\" width=\"810\" height=\"540\" src=\"https:\/\/luxvil.hu\/wp-content\/uploads\/2023\/06\/Hajoallomasi-szabadstrand-Balatonmariafurdo\u200b.jpg\" class=\"attachment-full size-full wp-image-1051\" alt=\"\" srcset=\"https:\/\/luxvil.hu\/wp-content\/uploads\/2023\/06\/Hajoallomasi-szabadstrand-Balatonmariafurdo\u200b.jpg 810w, https:\/\/luxvil.hu\/wp-content\/uploads\/2023\/06\/Hajoallomasi-szabadstrand-Balatonmariafurdo\u200b-300x200.jpg 300w, https:\/\/luxvil.hu\/wp-content\/uploads\/2023\/06\/Hajoallomasi-szabadstrand-Balatonmariafurdo\u200b-768x512.jpg 768w\" sizes=\"(max-width: 810px) 100vw, 810px\" \/><\/a><\/figure><div class=\"elementor-image-box-content\"><h3 class=\"elementor-image-box-title\"><a href=\"https:\/\/strand.hu\/strand\/hajoallomas-szabadstrand-321\">Freier Strand am Schiffsanleger, Balatonm\u00e1riaf\u00fcrd\u0151<\/a><\/h3><\/div><\/div>\t\t\t\t<\/div>\n\t\t\t\t<\/div>\n\t\t\t\t<div class=\"elementor-element elementor-element-228f8dc elementor-position-top elementor-widget elementor-widget-image-box\" data-id=\"228f8dc\" data-element_type=\"widget\" data-widget_type=\"image-box.default\">\n\t\t\t\t<div class=\"elementor-widget-container\">\n\t\t\t\t\t<div class=\"elementor-image-box-wrapper\"><figure class=\"elementor-image-box-img\"><a href=\"https:\/\/strand.hu\/strand\/polgar-utcai-szabadstrand-325\" tabindex=\"-1\"><img loading=\"lazy\" decoding=\"async\" width=\"810\" height=\"540\" src=\"https:\/\/luxvil.hu\/wp-content\/uploads\/2023\/06\/Polgar-utcai-szabadstrand-Balatonmariafurdo\u200b.jpg\" class=\"attachment-full size-full wp-image-1045\" alt=\"\" srcset=\"https:\/\/luxvil.hu\/wp-content\/uploads\/2023\/06\/Polgar-utcai-szabadstrand-Balatonmariafurdo\u200b.jpg 810w, https:\/\/luxvil.hu\/wp-content\/uploads\/2023\/06\/Polgar-utcai-szabadstrand-Balatonmariafurdo\u200b-300x200.jpg 300w, https:\/\/luxvil.hu\/wp-content\/uploads\/2023\/06\/Polgar-utcai-szabadstrand-Balatonmariafurdo\u200b-768x512.jpg 768w\" sizes=\"(max-width: 810px) 100vw, 810px\" \/><\/a><\/figure><div class=\"elementor-image-box-content\"><h3 class=\"elementor-image-box-title\"><a href=\"https:\/\/strand.hu\/strand\/polgar-utcai-szabadstrand-325\">Freier Strand am Polg\u00e1r utca, Balatonm\u00e1riaf\u00fcrd\u0151<\/a><\/h3><\/div><\/div>\t\t\t\t<\/div>\n\t\t\t\t<\/div>\n\t\t\t\t<div class=\"elementor-element elementor-element-99371ef elementor-position-top elementor-widget elementor-widget-image-box\" data-id=\"99371ef\" data-element_type=\"widget\" data-widget_type=\"image-box.default\">\n\t\t\t\t<div class=\"elementor-widget-container\">\n\t\t\t\t\t<div class=\"elementor-image-box-wrapper\"><figure class=\"elementor-image-box-img\"><a href=\"https:\/\/strand.hu\/strand\/szabadsag-utcai-szabadstrand-326\" tabindex=\"-1\"><img loading=\"lazy\" decoding=\"async\" width=\"810\" height=\"540\" src=\"https:\/\/luxvil.hu\/wp-content\/uploads\/2023\/06\/Szabadsag-utcai-szabadstrand-Balatonmariafurdo\u200b.jpg\" class=\"attachment-full size-full wp-image-1063\" alt=\"\" srcset=\"https:\/\/luxvil.hu\/wp-content\/uploads\/2023\/06\/Szabadsag-utcai-szabadstrand-Balatonmariafurdo\u200b.jpg 810w, https:\/\/luxvil.hu\/wp-content\/uploads\/2023\/06\/Szabadsag-utcai-szabadstrand-Balatonmariafurdo\u200b-300x200.jpg 300w, https:\/\/luxvil.hu\/wp-content\/uploads\/2023\/06\/Szabadsag-utcai-szabadstrand-Balatonmariafurdo\u200b-768x512.jpg 768w\" sizes=\"(max-width: 810px) 100vw, 810px\" \/><\/a><\/figure><div class=\"elementor-image-box-content\"><h3 class=\"elementor-image-box-title\"><a href=\"https:\/\/strand.hu\/strand\/szabadsag-utcai-szabadstrand-326\">Freier Strand am Szabads\u00e1g utca, Balatonm\u00e1riaf\u00fcrd\u0151<\/a><\/h3><\/div><\/div>\t\t\t\t<\/div>\n\t\t\t\t<\/div>\n\t\t\t\t<div class=\"elementor-element elementor-element-6f513da elementor-position-top elementor-widget elementor-widget-image-box\" data-id=\"6f513da\" data-element_type=\"widget\" data-widget_type=\"image-box.default\">\n\t\t\t\t<div class=\"elementor-widget-container\">\n\t\t\t\t\t<div class=\"elementor-image-box-wrapper\"><figure class=\"elementor-image-box-img\"><a href=\"https:\/\/strand.hu\/strand\/orhaz-utcai-szabadstrand-323\" tabindex=\"-1\"><img loading=\"lazy\" decoding=\"async\" width=\"810\" height=\"502\" src=\"https:\/\/luxvil.hu\/wp-content\/uploads\/2023\/06\/Orhaz-utcai-szabadstrand-Balatonmariafurdo\u200b-e1687114883133.jpg\" class=\"attachment-full size-full wp-image-1060\" alt=\"\" srcset=\"https:\/\/luxvil.hu\/wp-content\/uploads\/2023\/06\/Orhaz-utcai-szabadstrand-Balatonmariafurdo\u200b-e1687114883133.jpg 810w, https:\/\/luxvil.hu\/wp-content\/uploads\/2023\/06\/Orhaz-utcai-szabadstrand-Balatonmariafurdo\u200b-e1687114883133-300x186.jpg 300w, https:\/\/luxvil.hu\/wp-content\/uploads\/2023\/06\/Orhaz-utcai-szabadstrand-Balatonmariafurdo\u200b-e1687114883133-768x476.jpg 768w\" sizes=\"(max-width: 810px) 100vw, 810px\" \/><\/a><\/figure><div class=\"elementor-image-box-content\"><h3 class=\"elementor-image-box-title\"><a href=\"https:\/\/strand.hu\/strand\/orhaz-utcai-szabadstrand-323\">Freie Strand am \u0150rh\u00e1z utca, Balatonm\u00e1riaf\u00fcrd\u0151<\/a><\/h3><\/div><\/div>\t\t\t\t<\/div>\n\t\t\t\t<\/div>\n\t\t\t\t<div class=\"elementor-element elementor-element-3cb6e39 elementor-position-top elementor-widget elementor-widget-image-box\" data-id=\"3cb6e39\" data-element_type=\"widget\" data-widget_type=\"image-box.default\">\n\t\t\t\t<div class=\"elementor-widget-container\">\n\t\t\t\t\t<div class=\"elementor-image-box-wrapper\"><figure class=\"elementor-image-box-img\"><a href=\"https:\/\/furdes.hu\/furdok\/magyarorszag\/strand-balatonbereny-tulipan-utca\" tabindex=\"-1\"><img loading=\"lazy\" decoding=\"async\" width=\"878\" height=\"583\" src=\"https:\/\/luxvil.hu\/wp-content\/uploads\/2023\/06\/Balatonbereny-Tulipan-utcai-strand-Balatonbereny\u200b-e1688797019170.jpg\" class=\"attachment-full size-full wp-image-1054\" alt=\"\" srcset=\"https:\/\/luxvil.hu\/wp-content\/uploads\/2023\/06\/Balatonbereny-Tulipan-utcai-strand-Balatonbereny\u200b-e1688797019170.jpg 878w, https:\/\/luxvil.hu\/wp-content\/uploads\/2023\/06\/Balatonbereny-Tulipan-utcai-strand-Balatonbereny\u200b-e1688797019170-300x199.jpg 300w, https:\/\/luxvil.hu\/wp-content\/uploads\/2023\/06\/Balatonbereny-Tulipan-utcai-strand-Balatonbereny\u200b-e1688797019170-768x510.jpg 768w\" sizes=\"(max-width: 878px) 100vw, 878px\" \/><\/a><\/figure><div class=\"elementor-image-box-content\"><h3 class=\"elementor-image-box-title\"><a href=\"https:\/\/furdes.hu\/furdok\/magyarorszag\/strand-balatonbereny-tulipan-utca\">Strand in Balatonber\u00e9ny an Tulip\u00e1n utcai<\/a><\/h3><\/div><\/div>\t\t\t\t<\/div>\n\t\t\t\t<\/div>\n\t\t\t\t<div class=\"elementor-element elementor-element-3757e29 elementor-position-top elementor-widget elementor-widget-image-box\" data-id=\"3757e29\" data-element_type=\"widget\" data-widget_type=\"image-box.default\">\n\t\t\t\t<div class=\"elementor-widget-container\">\n\t\t\t\t\t<div class=\"elementor-image-box-wrapper\"><figure class=\"elementor-image-box-img\"><a href=\"https:\/\/turizmus.balatonbereny.hu\/strandok\/ingyenes-strand\" tabindex=\"-1\"><img loading=\"lazy\" decoding=\"async\" width=\"810\" height=\"455\" src=\"https:\/\/luxvil.hu\/wp-content\/uploads\/2023\/06\/Csicsergo-setany-Szabadstrand-Balatonbereny\u200b.jpg\" class=\"attachment-full size-full wp-image-1069\" alt=\"\" srcset=\"https:\/\/luxvil.hu\/wp-content\/uploads\/2023\/06\/Csicsergo-setany-Szabadstrand-Balatonbereny\u200b.jpg 810w, https:\/\/luxvil.hu\/wp-content\/uploads\/2023\/06\/Csicsergo-setany-Szabadstrand-Balatonbereny\u200b-300x169.jpg 300w, https:\/\/luxvil.hu\/wp-content\/uploads\/2023\/06\/Csicsergo-setany-Szabadstrand-Balatonbereny\u200b-768x431.jpg 768w, https:\/\/luxvil.hu\/wp-content\/uploads\/2023\/06\/Csicsergo-setany-Szabadstrand-Balatonbereny\u200b-800x450.jpg 800w\" sizes=\"(max-width: 810px) 100vw, 810px\" \/><\/a><\/figure><div class=\"elementor-image-box-content\"><h3 class=\"elementor-image-box-title\"><a href=\"https:\/\/turizmus.balatonbereny.hu\/strandok\/ingyenes-strand\">Freier Strand am Csicserg\u0151 s\u00e9t\u00e1ny in Balatonber\u00e9ny<\/a><\/h3><\/div><\/div>\t\t\t\t<\/div>\n\t\t\t\t<\/div>\n\t\t\t\t\t<\/div>\n\t\t\t\t<\/div>\n\t\t\t\t\t<\/div>\n\t\t<\/div>\n\t\t\t\t\t<\/div>\n\t\t<\/section>\n\t\t\t\t<section class=\"elementor-section elementor-top-section elementor-element elementor-element-697b6c1 elementor-section-full_width elementor-section-height-default elementor-section-height-default\" data-id=\"697b6c1\" data-element_type=\"section\" data-settings=\"{&quot;background_background&quot;:&quot;classic&quot;}\">\n\t\t\t\t\t\t<div class=\"elementor-container elementor-column-gap-default\">\n\t\t\t\t\t<div class=\"elementor-column elementor-col-100 elementor-top-column elementor-element elementor-element-de51100\" data-id=\"de51100\" data-element_type=\"column\">\n\t\t\t<div class=\"elementor-widget-wrap elementor-element-populated\">\n\t\t\t\t\t\t<div class=\"elementor-element elementor-element-4f3c29f elementor-widget elementor-widget-heading\" data-id=\"4f3c29f\" data-element_type=\"widget\" data-widget_type=\"heading.default\">\n\t\t\t\t<div class=\"elementor-widget-container\">\n\t\t\t\t\t<h2 class=\"elementor-heading-title elementor-size-default\">Hikes, cultural sights\n<\/h2>\t\t\t\t<\/div>\n\t\t\t\t<\/div>\n\t\t<div class=\"elementor-element elementor-element-1821fac e-con-full e-grid e-con e-parent\" data-id=\"1821fac\" data-element_type=\"container\">\n\t\t\t\t<div class=\"elementor-element elementor-element-f3048e6 elementor-position-top elementor-widget elementor-widget-image-box\" data-id=\"f3048e6\" data-element_type=\"widget\" data-widget_type=\"image-box.default\">\n\t\t\t\t<div class=\"elementor-widget-container\">\n\t\t\t\t\t<div class=\"elementor-image-box-wrapper\"><figure class=\"elementor-image-box-img\"><a href=\"http:\/\/belmatyaskozpont.hu\" tabindex=\"-1\"><img loading=\"lazy\" decoding=\"async\" width=\"819\" height=\"491\" src=\"https:\/\/luxvil.hu\/wp-content\/uploads\/2023\/06\/Bel-Matyas-Latogatokozpont\u200b-e1687114924743.jpg\" class=\"attachment-full size-full wp-image-1105\" alt=\"\" srcset=\"https:\/\/luxvil.hu\/wp-content\/uploads\/2023\/06\/Bel-Matyas-Latogatokozpont\u200b-e1687114924743.jpg 819w, https:\/\/luxvil.hu\/wp-content\/uploads\/2023\/06\/Bel-Matyas-Latogatokozpont\u200b-e1687114924743-300x180.jpg 300w, https:\/\/luxvil.hu\/wp-content\/uploads\/2023\/06\/Bel-Matyas-Latogatokozpont\u200b-e1687114924743-768x460.jpg 768w\" sizes=\"(max-width: 819px) 100vw, 819px\" \/><\/a><\/figure><div class=\"elementor-image-box-content\"><h3 class=\"elementor-image-box-title\"><a href=\"http:\/\/belmatyaskozpont.hu\">B\u00e9l M\u00e1ty\u00e1s L\u00e1togat\u00f3k\u00f6zpont<\/a><\/h3><\/div><\/div>\t\t\t\t<\/div>\n\t\t\t\t<\/div>\n\t\t\t\t<div class=\"elementor-element elementor-element-65302d1 elementor-position-top elementor-widget elementor-widget-image-box\" data-id=\"65302d1\" data-element_type=\"widget\" data-widget_type=\"image-box.default\">\n\t\t\t\t<div class=\"elementor-widget-container\">\n\t\t\t\t\t<div class=\"elementor-image-box-wrapper\"><figure class=\"elementor-image-box-img\"><a href=\"http:\/\/www.csaladibalaton.hu\/helyi-ertekek\/muemlek-pincesor-111.html\" tabindex=\"-1\"><img loading=\"lazy\" decoding=\"async\" width=\"960\" height=\"600\" src=\"https:\/\/luxvil.hu\/wp-content\/uploads\/2023\/06\/Muemlek-Pincesor\u200b-e1687114911708.jpg\" class=\"attachment-full size-full wp-image-1084\" alt=\"\" srcset=\"https:\/\/luxvil.hu\/wp-content\/uploads\/2023\/06\/Muemlek-Pincesor\u200b-e1687114911708.jpg 960w, https:\/\/luxvil.hu\/wp-content\/uploads\/2023\/06\/Muemlek-Pincesor\u200b-e1687114911708-300x188.jpg 300w, https:\/\/luxvil.hu\/wp-content\/uploads\/2023\/06\/Muemlek-Pincesor\u200b-e1687114911708-768x480.jpg 768w\" sizes=\"(max-width: 960px) 100vw, 960px\" \/><\/a><\/figure><div class=\"elementor-image-box-content\"><h3 class=\"elementor-image-box-title\"><a href=\"http:\/\/www.csaladibalaton.hu\/helyi-ertekek\/muemlek-pincesor-111.html\">Denkmal am Pincesor<\/a><\/h3><\/div><\/div>\t\t\t\t<\/div>\n\t\t\t\t<\/div>\n\t\t\t\t<div class=\"elementor-element elementor-element-66429de elementor-position-top elementor-widget elementor-widget-image-box\" data-id=\"66429de\" data-element_type=\"widget\" data-widget_type=\"image-box.default\">\n\t\t\t\t<div class=\"elementor-widget-container\">\n\t\t\t\t\t<div class=\"elementor-image-box-wrapper\"><figure class=\"elementor-image-box-img\"><a href=\"https:\/\/csodalatosbalaton.hu\/latnivalok\/termeszeti-ertekek\/bokros-hegy\/\" tabindex=\"-1\"><img loading=\"lazy\" decoding=\"async\" width=\"597\" height=\"359\" src=\"https:\/\/luxvil.hu\/wp-content\/uploads\/2023\/06\/Bokros-hegy\u200b-e1687114944489.jpg\" class=\"attachment-full size-full wp-image-1108\" alt=\"\" srcset=\"https:\/\/luxvil.hu\/wp-content\/uploads\/2023\/06\/Bokros-hegy\u200b-e1687114944489.jpg 597w, https:\/\/luxvil.hu\/wp-content\/uploads\/2023\/06\/Bokros-hegy\u200b-e1687114944489-300x180.jpg 300w\" sizes=\"(max-width: 597px) 100vw, 597px\" \/><\/a><\/figure><div class=\"elementor-image-box-content\"><h3 class=\"elementor-image-box-title\"><a href=\"https:\/\/csodalatosbalaton.hu\/latnivalok\/termeszeti-ertekek\/bokros-hegy\/\">Bokros-Berg<\/a><\/h3><\/div><\/div>\t\t\t\t<\/div>\n\t\t\t\t<\/div>\n\t\t\t\t<div class=\"elementor-element elementor-element-307f2c6 elementor-position-top elementor-widget elementor-widget-image-box\" data-id=\"307f2c6\" data-element_type=\"widget\" data-widget_type=\"image-box.default\">\n\t\t\t\t<div class=\"elementor-widget-container\">\n\t\t\t\t\t<div class=\"elementor-image-box-wrapper\"><figure class=\"elementor-image-box-img\"><a href=\"https:\/\/csodalatosbalaton.hu\/latnivalok\/templomok\/tibeti-kulturalis-kozpont-balatonkeresztur-balaton-rabten-tashi-ling\/\" tabindex=\"-1\"><img loading=\"lazy\" decoding=\"async\" width=\"780\" height=\"501\" src=\"https:\/\/luxvil.hu\/wp-content\/uploads\/2023\/06\/Tibeti-Kulturalis-Kozpont\u200b-e1687114955944.jpg\" class=\"attachment-full size-full wp-image-1102\" alt=\"\" srcset=\"https:\/\/luxvil.hu\/wp-content\/uploads\/2023\/06\/Tibeti-Kulturalis-Kozpont\u200b-e1687114955944.jpg 780w, https:\/\/luxvil.hu\/wp-content\/uploads\/2023\/06\/Tibeti-Kulturalis-Kozpont\u200b-e1687114955944-300x193.jpg 300w, https:\/\/luxvil.hu\/wp-content\/uploads\/2023\/06\/Tibeti-Kulturalis-Kozpont\u200b-e1687114955944-768x493.jpg 768w\" sizes=\"(max-width: 780px) 100vw, 780px\" \/><\/a><\/figure><div class=\"elementor-image-box-content\"><h3 class=\"elementor-image-box-title\"><a href=\"https:\/\/csodalatosbalaton.hu\/latnivalok\/templomok\/tibeti-kulturalis-kozpont-balatonkeresztur-balaton-rabten-tashi-ling\/\">Tibetisches Kulturzentrum<\/a><\/h3><\/div><\/div>\t\t\t\t<\/div>\n\t\t\t\t<\/div>\n\t\t\t\t<div class=\"elementor-element elementor-element-70bca32 elementor-position-top elementor-widget elementor-widget-image-box\" data-id=\"70bca32\" data-element_type=\"widget\" data-widget_type=\"image-box.default\">\n\t\t\t\t<div class=\"elementor-widget-container\">\n\t\t\t\t\t<div class=\"elementor-image-box-wrapper\"><figure class=\"elementor-image-box-img\"><a href=\"https:\/\/www.balatonmariafurdo.hu\/helytorteneti-gyujtemeny\/\" tabindex=\"-1\"><img loading=\"lazy\" decoding=\"async\" width=\"922\" height=\"614\" src=\"https:\/\/luxvil.hu\/wp-content\/uploads\/2023\/06\/Helytorteneti-Gyujtemeny-Balatonmariafurdo\u200b.jpg\" class=\"attachment-full size-full wp-image-1087\" alt=\"\" srcset=\"https:\/\/luxvil.hu\/wp-content\/uploads\/2023\/06\/Helytorteneti-Gyujtemeny-Balatonmariafurdo\u200b.jpg 922w, https:\/\/luxvil.hu\/wp-content\/uploads\/2023\/06\/Helytorteneti-Gyujtemeny-Balatonmariafurdo\u200b-300x200.jpg 300w, https:\/\/luxvil.hu\/wp-content\/uploads\/2023\/06\/Helytorteneti-Gyujtemeny-Balatonmariafurdo\u200b-768x511.jpg 768w\" sizes=\"(max-width: 922px) 100vw, 922px\" \/><\/a><\/figure><div class=\"elementor-image-box-content\"><h3 class=\"elementor-image-box-title\"><a href=\"https:\/\/www.balatonmariafurdo.hu\/helytorteneti-gyujtemeny\/\">Lokale Geschichte Sammlung, Balatonm\u00e1riaf\u00fcrd\u0151 <\/a><\/h3><\/div><\/div>\t\t\t\t<\/div>\n\t\t\t\t<\/div>\n\t\t\t\t<div class=\"elementor-element elementor-element-b0a17c9 elementor-position-top elementor-widget elementor-widget-image-box\" data-id=\"b0a17c9\" data-element_type=\"widget\" data-widget_type=\"image-box.default\">\n\t\t\t\t<div class=\"elementor-widget-container\">\n\t\t\t\t\t<div class=\"elementor-image-box-wrapper\"><figure class=\"elementor-image-box-img\"><a href=\"https:\/\/csodalatosbalaton.hu\/latnivalok\/templomok\/nagyboldogasszony-kapolna-balatonmariafurdo\/\" tabindex=\"-1\"><img loading=\"lazy\" decoding=\"async\" width=\"803\" height=\"602\" src=\"https:\/\/luxvil.hu\/wp-content\/uploads\/2023\/06\/Nagyboldogasszony-Kapolna-Balatonmariafurdo\u200b.jpg\" class=\"attachment-full size-full wp-image-1081\" alt=\"\" srcset=\"https:\/\/luxvil.hu\/wp-content\/uploads\/2023\/06\/Nagyboldogasszony-Kapolna-Balatonmariafurdo\u200b.jpg 803w, https:\/\/luxvil.hu\/wp-content\/uploads\/2023\/06\/Nagyboldogasszony-Kapolna-Balatonmariafurdo\u200b-300x225.jpg 300w, https:\/\/luxvil.hu\/wp-content\/uploads\/2023\/06\/Nagyboldogasszony-Kapolna-Balatonmariafurdo\u200b-768x576.jpg 768w\" sizes=\"(max-width: 803px) 100vw, 803px\" \/><\/a><\/figure><div class=\"elementor-image-box-content\"><h3 class=\"elementor-image-box-title\"><a href=\"https:\/\/csodalatosbalaton.hu\/latnivalok\/templomok\/nagyboldogasszony-kapolna-balatonmariafurdo\/\">Kapelle von Unsere Liebe Frau, Balatonm\u00e1riaf\u00fcrd\u0151<\/a><\/h3><\/div><\/div>\t\t\t\t<\/div>\n\t\t\t\t<\/div>\n\t\t\t\t<div class=\"elementor-element elementor-element-a8afd4e elementor-position-top elementor-widget elementor-widget-image-box\" data-id=\"a8afd4e\" data-element_type=\"widget\" data-widget_type=\"image-box.default\">\n\t\t\t\t<div class=\"elementor-widget-container\">\n\t\t\t\t\t<div class=\"elementor-image-box-wrapper\"><figure class=\"elementor-image-box-img\"><a href=\"https:\/\/mariaturavitorlas.hu\" tabindex=\"-1\"><img loading=\"lazy\" decoding=\"async\" width=\"803\" height=\"602\" src=\"https:\/\/luxvil.hu\/wp-content\/uploads\/2023\/06\/Balatonmariafurdoi-vitorlaskikoto\u200b.jpg\" class=\"attachment-full size-full wp-image-1093\" alt=\"\" srcset=\"https:\/\/luxvil.hu\/wp-content\/uploads\/2023\/06\/Balatonmariafurdoi-vitorlaskikoto\u200b.jpg 803w, https:\/\/luxvil.hu\/wp-content\/uploads\/2023\/06\/Balatonmariafurdoi-vitorlaskikoto\u200b-300x225.jpg 300w, https:\/\/luxvil.hu\/wp-content\/uploads\/2023\/06\/Balatonmariafurdoi-vitorlaskikoto\u200b-768x576.jpg 768w\" sizes=\"(max-width: 803px) 100vw, 803px\" \/><\/a><\/figure><div class=\"elementor-image-box-content\"><h3 class=\"elementor-image-box-title\"><a href=\"https:\/\/mariaturavitorlas.hu\">Yachthafen von Balatonm\u00e1riaf\u00fcrd\u0151 <\/a><\/h3><\/div><\/div>\t\t\t\t<\/div>\n\t\t\t\t<\/div>\n\t\t\t\t<div class=\"elementor-element elementor-element-f4adf24 elementor-position-top elementor-widget elementor-widget-image-box\" data-id=\"f4adf24\" data-element_type=\"widget\" data-widget_type=\"image-box.default\">\n\t\t\t\t<div class=\"elementor-widget-container\">\n\t\t\t\t\t<div class=\"elementor-image-box-wrapper\"><figure class=\"elementor-image-box-img\"><a href=\"https:\/\/www.balatonmariafurdo.hu\/hajozas\/\" tabindex=\"-1\"><img loading=\"lazy\" decoding=\"async\" width=\"440\" height=\"280\" src=\"https:\/\/luxvil.hu\/wp-content\/uploads\/2023\/06\/Balatonmariafurdo-hajoallomas\u200b-e1687114978252.jpg\" class=\"attachment-full size-full wp-image-1114\" alt=\"\" srcset=\"https:\/\/luxvil.hu\/wp-content\/uploads\/2023\/06\/Balatonmariafurdo-hajoallomas\u200b-e1687114978252.jpg 440w, https:\/\/luxvil.hu\/wp-content\/uploads\/2023\/06\/Balatonmariafurdo-hajoallomas\u200b-e1687114978252-300x191.jpg 300w\" sizes=\"(max-width: 440px) 100vw, 440px\" \/><\/a><\/figure><div class=\"elementor-image-box-content\"><h3 class=\"elementor-image-box-title\"><a href=\"https:\/\/www.balatonmariafurdo.hu\/hajozas\/\">Schiffsanlegestelle von Balatonm\u00e1riaf\u00fcrd\u0151 <\/a><\/h3><\/div><\/div>\t\t\t\t<\/div>\n\t\t\t\t<\/div>\n\t\t\t\t<div class=\"elementor-element elementor-element-82013bf elementor-position-top elementor-widget elementor-widget-image-box\" data-id=\"82013bf\" data-element_type=\"widget\" data-widget_type=\"image-box.default\">\n\t\t\t\t<div class=\"elementor-widget-container\">\n\t\t\t\t\t<div class=\"elementor-image-box-wrapper\"><figure class=\"elementor-image-box-img\"><a href=\"https:\/\/fejtorofogda.hu\" tabindex=\"-1\"><img loading=\"lazy\" decoding=\"async\" width=\"918\" height=\"571\" src=\"https:\/\/luxvil.hu\/wp-content\/uploads\/2023\/06\/Fejtoro-Fogda-Szabaduloszobak-es-Elmenyudvar-Balatonujlak_-e1687114656145.jpg\" class=\"attachment-full size-full wp-image-1099\" alt=\"\" srcset=\"https:\/\/luxvil.hu\/wp-content\/uploads\/2023\/06\/Fejtoro-Fogda-Szabaduloszobak-es-Elmenyudvar-Balatonujlak_-e1687114656145.jpg 918w, https:\/\/luxvil.hu\/wp-content\/uploads\/2023\/06\/Fejtoro-Fogda-Szabaduloszobak-es-Elmenyudvar-Balatonujlak_-e1687114656145-300x187.jpg 300w, https:\/\/luxvil.hu\/wp-content\/uploads\/2023\/06\/Fejtoro-Fogda-Szabaduloszobak-es-Elmenyudvar-Balatonujlak_-e1687114656145-768x478.jpg 768w\" sizes=\"(max-width: 918px) 100vw, 918px\" \/><\/a><\/figure><div class=\"elementor-image-box-content\"><h3 class=\"elementor-image-box-title\"><a href=\"https:\/\/fejtorofogda.hu\">Fejt\u00f6r\u0151 Gef\u00e4ngnis Fluchtzimmer und Erlebnishof, Balaton\u00fajlak <\/a><\/h3><\/div><\/div>\t\t\t\t<\/div>\n\t\t\t\t<\/div>\n\t\t\t\t<div class=\"elementor-element elementor-element-e88ffdb elementor-position-top elementor-widget elementor-widget-image-box\" data-id=\"e88ffdb\" data-element_type=\"widget\" data-widget_type=\"image-box.default\">\n\t\t\t\t<div class=\"elementor-widget-container\">\n\t\t\t\t\t<div class=\"elementor-image-box-wrapper\"><figure class=\"elementor-image-box-img\"><a href=\"https:\/\/csodalatosbalaton.hu\/hirek\/balaton\/somoshegyi-kilato-balatonbereny-uj-messzelatoja-a-somos-parkerdo-szelen\/\" tabindex=\"-1\"><img loading=\"lazy\" decoding=\"async\" width=\"784\" height=\"441\" src=\"https:\/\/luxvil.hu\/wp-content\/uploads\/2023\/06\/Somoshegyi-kilato-Balatonbereny\u200b.jpg\" class=\"attachment-full size-full wp-image-1096\" alt=\"\" srcset=\"https:\/\/luxvil.hu\/wp-content\/uploads\/2023\/06\/Somoshegyi-kilato-Balatonbereny\u200b.jpg 784w, https:\/\/luxvil.hu\/wp-content\/uploads\/2023\/06\/Somoshegyi-kilato-Balatonbereny\u200b-300x169.jpg 300w, https:\/\/luxvil.hu\/wp-content\/uploads\/2023\/06\/Somoshegyi-kilato-Balatonbereny\u200b-768x432.jpg 768w\" sizes=\"(max-width: 784px) 100vw, 784px\" \/><\/a><\/figure><div class=\"elementor-image-box-content\"><h3 class=\"elementor-image-box-title\"><a href=\"https:\/\/csodalatosbalaton.hu\/hirek\/balaton\/somoshegyi-kilato-balatonbereny-uj-messzelatoja-a-somos-parkerdo-szelen\/\">Somoshegyi Standpunkt, Balatonber\u00e9ny <\/a><\/h3><\/div><\/div>\t\t\t\t<\/div>\n\t\t\t\t<\/div>\n\t\t\t\t<div class=\"elementor-element elementor-element-56cfbcb elementor-position-top elementor-widget elementor-widget-image-box\" data-id=\"56cfbcb\" data-element_type=\"widget\" data-widget_type=\"image-box.default\">\n\t\t\t\t<div class=\"elementor-widget-container\">\n\t\t\t\t\t<div class=\"elementor-image-box-wrapper\"><figure class=\"elementor-image-box-img\"><a href=\"https:\/\/csodalatosbalaton.hu\/latnivalok\/kilatok\/madarles-kilato-balatonbereny\/\" tabindex=\"-1\"><img loading=\"lazy\" decoding=\"async\" width=\"840\" height=\"473\" src=\"https:\/\/luxvil.hu\/wp-content\/uploads\/2023\/06\/Madarles-kilato-Balatonbereny\u200b.jpg\" class=\"attachment-full size-full wp-image-1090\" alt=\"\" srcset=\"https:\/\/luxvil.hu\/wp-content\/uploads\/2023\/06\/Madarles-kilato-Balatonbereny\u200b.jpg 840w, https:\/\/luxvil.hu\/wp-content\/uploads\/2023\/06\/Madarles-kilato-Balatonbereny\u200b-300x169.jpg 300w, https:\/\/luxvil.hu\/wp-content\/uploads\/2023\/06\/Madarles-kilato-Balatonbereny\u200b-768x432.jpg 768w, https:\/\/luxvil.hu\/wp-content\/uploads\/2023\/06\/Madarles-kilato-Balatonbereny\u200b-800x450.jpg 800w\" sizes=\"(max-width: 840px) 100vw, 840px\" \/><\/a><\/figure><div class=\"elementor-image-box-content\"><h3 class=\"elementor-image-box-title\"><a href=\"https:\/\/csodalatosbalaton.hu\/latnivalok\/kilatok\/madarles-kilato-balatonbereny\/\">Birdwatching Standpunkt, Balatonber\u00e9ny <\/a><\/h3><\/div><\/div>\t\t\t\t<\/div>\n\t\t\t\t<\/div>\n\t\t\t\t<div class=\"elementor-element elementor-element-370cc11 elementor-position-top elementor-widget elementor-widget-image-box\" data-id=\"370cc11\" data-element_type=\"widget\" data-widget_type=\"image-box.default\">\n\t\t\t\t<div class=\"elementor-widget-container\">\n\t\t\t\t\t<div class=\"elementor-image-box-wrapper\"><figure class=\"elementor-image-box-img\"><a href=\"https:\/\/likebalaton.hu\/telepules\/balatonbereny\/szabadido-es-lativalo\/festohaz-29920\/\" tabindex=\"-1\"><img loading=\"lazy\" decoding=\"async\" width=\"1024\" height=\"768\" src=\"https:\/\/luxvil.hu\/wp-content\/uploads\/2023\/06\/bivalyrezervatum.jpg\" class=\"attachment-full size-full wp-image-1368\" alt=\"\" srcset=\"https:\/\/luxvil.hu\/wp-content\/uploads\/2023\/06\/bivalyrezervatum.jpg 1024w, https:\/\/luxvil.hu\/wp-content\/uploads\/2023\/06\/bivalyrezervatum-300x225.jpg 300w, https:\/\/luxvil.hu\/wp-content\/uploads\/2023\/06\/bivalyrezervatum-768x576.jpg 768w\" sizes=\"(max-width: 1024px) 100vw, 1024px\" \/><\/a><\/figure><div class=\"elementor-image-box-content\"><h3 class=\"elementor-image-box-title\"><a href=\"https:\/\/likebalaton.hu\/telepules\/balatonbereny\/szabadido-es-lativalo\/festohaz-29920\/\">B\u00fcffelreservat, K\u00e1polnapuszta<\/a><\/h3><\/div><\/div>\t\t\t\t<\/div>\n\t\t\t\t<\/div>\n\t\t\t\t<\/div>\n\t\t\t\t\t<\/div>\n\t\t<\/div>\n\t\t\t\t\t<\/div>\n\t\t<\/section>\n\t\t\t\t<section class=\"elementor-section elementor-top-section elementor-element elementor-element-10ee36e elementor-section-boxed elementor-section-height-default elementor-section-height-default\" data-id=\"10ee36e\" data-element_type=\"section\">\n\t\t\t\t\t\t<div class=\"elementor-container elementor-column-gap-default\">\n\t\t\t\t\t<div class=\"elementor-column elementor-col-100 elementor-top-column elementor-element elementor-element-69a502e\" data-id=\"69a502e\" data-element_type=\"column\">\n\t\t\t<div class=\"elementor-widget-wrap elementor-element-populated\">\n\t\t\t\t\t\t<div class=\"elementor-element elementor-element-ff67821 elementor-widget elementor-widget-heading\" data-id=\"ff67821\" data-element_type=\"widget\" data-widget_type=\"heading.default\">\n\t\t\t\t<div class=\"elementor-widget-container\">\n\t\t\t\t\t<h2 class=\"elementor-heading-title elementor-size-default\">St\u00e4dte in der N\u00e4he\n<\/h2>\t\t\t\t<\/div>\n\t\t\t\t<\/div>\n\t\t\t\t\t<\/div>\n\t\t<\/div>\n\t\t\t\t\t<\/div>\n\t\t<\/section>\n\t\t<div class=\"elementor-element elementor-element-1d31500 e-grid e-con-boxed e-con e-parent\" data-id=\"1d31500\" data-element_type=\"container\">\n\t\t\t\t\t<div class=\"e-con-inner\">\n\t\t\t\t<div class=\"elementor-element elementor-element-92c67d3 elementor-mobile-align-center elementor-icon-list--layout-traditional elementor-list-item-link-full_width elementor-widget elementor-widget-icon-list\" data-id=\"92c67d3\" data-element_type=\"widget\" data-widget_type=\"icon-list.default\">\n\t\t\t\t<div class=\"elementor-widget-container\">\n\t\t\t\t\t\t\t<ul class=\"elementor-icon-list-items\">\n\t\t\t\t\t\t\t<li class=\"elementor-icon-list-item\">\n\t\t\t\t\t\t\t\t\t\t\t<a href=\"https:\/\/www.google.com\/maps\/place\/Marcali\/@46.5687587,17.3466703,12z\/\">\n\n\t\t\t\t\t\t\t\t\t\t\t\t<span class=\"elementor-icon-list-icon\">\n\t\t\t\t\t\t\t<svg aria-hidden=\"true\" class=\"e-font-icon-svg e-fas-map-marker-alt\" viewBox=\"0 0 384 512\" xmlns=\"http:\/\/www.w3.org\/2000\/svg\"><path d=\"M172.268 501.67C26.97 291.031 0 269.413 0 192 0 85.961 85.961 0 192 0s192 85.961 192 192c0 77.413-26.97 99.031-172.268 309.67-9.535 13.774-29.93 13.773-39.464 0zM192 272c44.183 0 80-35.817 80-80s-35.817-80-80-80-80 35.817-80 80 35.817 80 80 80z\"><\/path><\/svg>\t\t\t\t\t\t<\/span>\n\t\t\t\t\t\t\t\t\t\t<span class=\"elementor-icon-list-text\"><b>Marcali<\/b> - 15 km<\/span>\n\t\t\t\t\t\t\t\t\t\t\t<\/a>\n\t\t\t\t\t\t\t\t\t<\/li>\n\t\t\t\t\t\t\t\t<li class=\"elementor-icon-list-item\">\n\t\t\t\t\t\t\t\t\t\t\t<a href=\"https:\/\/www.google.com\/maps\/place\/Fony\u00f3d,+8640\/@46.7470729,17.5237916,13z\">\n\n\t\t\t\t\t\t\t\t\t\t\t\t<span class=\"elementor-icon-list-icon\">\n\t\t\t\t\t\t\t<svg aria-hidden=\"true\" class=\"e-font-icon-svg e-fas-map-marker-alt\" viewBox=\"0 0 384 512\" xmlns=\"http:\/\/www.w3.org\/2000\/svg\"><path d=\"M172.268 501.67C26.97 291.031 0 269.413 0 192 0 85.961 85.961 0 192 0s192 85.961 192 192c0 77.413-26.97 99.031-172.268 309.67-9.535 13.774-29.93 13.773-39.464 0zM192 272c44.183 0 80-35.817 80-80s-35.817-80-80-80-80 35.817-80 80 35.817 80 80 80z\"><\/path><\/svg>\t\t\t\t\t\t<\/span>\n\t\t\t\t\t\t\t\t\t\t<span class=\"elementor-icon-list-text\"><b>Fony\u00f3d<\/b> - 16 km<\/span>\n\t\t\t\t\t\t\t\t\t\t\t<\/a>\n\t\t\t\t\t\t\t\t\t<\/li>\n\t\t\t\t\t\t\t\t<li class=\"elementor-icon-list-item\">\n\t\t\t\t\t\t\t\t\t\t\t<a href=\"https:\/\/www.google.com\/maps\/place\/Keszthely,+8360\/@46.7499626,17.1595544,12z\">\n\n\t\t\t\t\t\t\t\t\t\t\t\t<span class=\"elementor-icon-list-icon\">\n\t\t\t\t\t\t\t<svg aria-hidden=\"true\" class=\"e-font-icon-svg e-fas-map-marker-alt\" viewBox=\"0 0 384 512\" xmlns=\"http:\/\/www.w3.org\/2000\/svg\"><path d=\"M172.268 501.67C26.97 291.031 0 269.413 0 192 0 85.961 85.961 0 192 0s192 85.961 192 192c0 77.413-26.97 99.031-172.268 309.67-9.535 13.774-29.93 13.773-39.464 0zM192 272c44.183 0 80-35.817 80-80s-35.817-80-80-80-80 35.817-80 80 35.817 80 80 80z\"><\/path><\/svg>\t\t\t\t\t\t<\/span>\n\t\t\t\t\t\t\t\t\t\t<span class=\"elementor-icon-list-text\"><b>Keszthely<\/b> - 21 km<\/span>\n\t\t\t\t\t\t\t\t\t\t\t<\/a>\n\t\t\t\t\t\t\t\t\t<\/li>\n\t\t\t\t\t\t\t\t<li class=\"elementor-icon-list-item\">\n\t\t\t\t\t\t\t\t\t\t\t<a href=\"https:\/\/www.google.com\/maps\/place\/H\u00e9v\u00edz,+8380\/@46.7965815,17.1619324,14z\">\n\n\t\t\t\t\t\t\t\t\t\t\t\t<span class=\"elementor-icon-list-icon\">\n\t\t\t\t\t\t\t<svg aria-hidden=\"true\" class=\"e-font-icon-svg e-fas-map-marker-alt\" viewBox=\"0 0 384 512\" xmlns=\"http:\/\/www.w3.org\/2000\/svg\"><path d=\"M172.268 501.67C26.97 291.031 0 269.413 0 192 0 85.961 85.961 0 192 0s192 85.961 192 192c0 77.413-26.97 99.031-172.268 309.67-9.535 13.774-29.93 13.773-39.464 0zM192 272c44.183 0 80-35.817 80-80s-35.817-80-80-80-80 35.817-80 80 35.817 80 80 80z\"><\/path><\/svg>\t\t\t\t\t\t<\/span>\n\t\t\t\t\t\t\t\t\t\t<span class=\"elementor-icon-list-text\"><b>H\u00e9v\u00edz<\/b> - 28 km<\/span>\n\t\t\t\t\t\t\t\t\t\t\t<\/a>\n\t\t\t\t\t\t\t\t\t<\/li>\n\t\t\t\t\t\t\t\t<li class=\"elementor-icon-list-item\">\n\t\t\t\t\t\t\t\t\t\t\t<a href=\"https:\/\/www.google.com\/maps\/place\/Nagykanizsa\/@46.4512522,16.9228594,12z\">\n\n\t\t\t\t\t\t\t\t\t\t\t\t<span class=\"elementor-icon-list-icon\">\n\t\t\t\t\t\t\t<svg aria-hidden=\"true\" class=\"e-font-icon-svg e-fas-map-marker-alt\" viewBox=\"0 0 384 512\" xmlns=\"http:\/\/www.w3.org\/2000\/svg\"><path d=\"M172.268 501.67C26.97 291.031 0 269.413 0 192 0 85.961 85.961 0 192 0s192 85.961 192 192c0 77.413-26.97 99.031-172.268 309.67-9.535 13.774-29.93 13.773-39.464 0zM192 272c44.183 0 80-35.817 80-80s-35.817-80-80-80-80 35.817-80 80 35.817 80 80 80z\"><\/path><\/svg>\t\t\t\t\t\t<\/span>\n\t\t\t\t\t\t\t\t\t\t<span class=\"elementor-icon-list-text\"><b>Nagykanizsa<\/b> - 47 km<\/span>\n\t\t\t\t\t\t\t\t\t\t\t<\/a>\n\t\t\t\t\t\t\t\t\t<\/li>\n\t\t\t\t\t\t\t\t<li class=\"elementor-icon-list-item\">\n\t\t\t\t\t\t\t\t\t\t\t<a href=\"https:\/\/www.google.com\/maps\/place\/Tihany,+8237\/@46.9053907,17.826474,13z\">\n\n\t\t\t\t\t\t\t\t\t\t\t\t<span class=\"elementor-icon-list-icon\">\n\t\t\t\t\t\t\t<svg aria-hidden=\"true\" class=\"e-font-icon-svg e-fas-map-marker-alt\" viewBox=\"0 0 384 512\" xmlns=\"http:\/\/www.w3.org\/2000\/svg\"><path d=\"M172.268 501.67C26.97 291.031 0 269.413 0 192 0 85.961 85.961 0 192 0s192 85.961 192 192c0 77.413-26.97 99.031-172.268 309.67-9.535 13.774-29.93 13.773-39.464 0zM192 272c44.183 0 80-35.817 80-80s-35.817-80-80-80-80 35.817-80 80 35.817 80 80 80z\"><\/path><\/svg>\t\t\t\t\t\t<\/span>\n\t\t\t\t\t\t\t\t\t\t<span class=\"elementor-icon-list-text\"><b>Tihany<\/b> - 57 km<\/span>\n\t\t\t\t\t\t\t\t\t\t\t<\/a>\n\t\t\t\t\t\t\t\t\t<\/li>\n\t\t\t\t\t\t\t\t<li class=\"elementor-icon-list-item\">\n\t\t\t\t\t\t\t\t\t\t\t<a href=\"https:\/\/www.google.com\/maps\/place\/Si\u00f3fok\/@46.8952792,17.9898519,12z\">\n\n\t\t\t\t\t\t\t\t\t\t\t\t<span class=\"elementor-icon-list-icon\">\n\t\t\t\t\t\t\t<svg aria-hidden=\"true\" class=\"e-font-icon-svg e-fas-map-marker-alt\" viewBox=\"0 0 384 512\" xmlns=\"http:\/\/www.w3.org\/2000\/svg\"><path d=\"M172.268 501.67C26.97 291.031 0 269.413 0 192 0 85.961 85.961 0 192 0s192 85.961 192 192c0 77.413-26.97 99.031-172.268 309.67-9.535 13.774-29.93 13.773-39.464 0zM192 272c44.183 0 80-35.817 80-80s-35.817-80-80-80-80 35.817-80 80 35.817 80 80 80z\"><\/path><\/svg>\t\t\t\t\t\t<\/span>\n\t\t\t\t\t\t\t\t\t\t<span class=\"elementor-icon-list-text\"><b>Si\u00f3fok<\/b> - 66 km<\/span>\n\t\t\t\t\t\t\t\t\t\t\t<\/a>\n\t\t\t\t\t\t\t\t\t<\/li>\n\t\t\t\t\t\t\t\t<li class=\"elementor-icon-list-item\">\n\t\t\t\t\t\t\t\t\t\t\t<a href=\"https:\/\/www.google.com\/maps\/place\/Graz,+Ausztria\/@47.0735043,15.3017068,11z\">\n\n\t\t\t\t\t\t\t\t\t\t\t\t<span class=\"elementor-icon-list-icon\">\n\t\t\t\t\t\t\t<svg aria-hidden=\"true\" class=\"e-font-icon-svg e-fas-map-marker-alt\" viewBox=\"0 0 384 512\" xmlns=\"http:\/\/www.w3.org\/2000\/svg\"><path d=\"M172.268 501.67C26.97 291.031 0 269.413 0 192 0 85.961 85.961 0 192 0s192 85.961 192 192c0 77.413-26.97 99.031-172.268 309.67-9.535 13.774-29.93 13.773-39.464 0zM192 272c44.183 0 80-35.817 80-80s-35.817-80-80-80-80 35.817-80 80 35.817 80 80 80z\"><\/path><\/svg>\t\t\t\t\t\t<\/span>\n\t\t\t\t\t\t\t\t\t\t<span class=\"elementor-icon-list-text\"><b>Graz<\/b> - 200 km<\/span>\n\t\t\t\t\t\t\t\t\t\t\t<\/a>\n\t\t\t\t\t\t\t\t\t<\/li>\n\t\t\t\t\t\t<\/ul>\n\t\t\t\t\t\t<\/div>\n\t\t\t\t<\/div>\n\t\t\t\t<div class=\"elementor-element elementor-element-9d4a6b7 elementor-widget elementor-widget-google_maps\" data-id=\"9d4a6b7\" data-element_type=\"widget\" data-widget_type=\"google_maps.default\">\n\t\t\t\t<div class=\"elementor-widget-container\">\n\t\t\t\t\t\t\t<div class=\"elementor-custom-embed\">\n\t\t\t<iframe loading=\"lazy\"\n\t\t\t\t\tsrc=\"https:\/\/maps.google.com\/maps?q=Erd%C5%91sor%20u.%2062%2C%20Balatonkereszt%C3%BAr%2C%208648&#038;t=m&#038;z=9&#038;output=embed&#038;iwloc=near\"\n\t\t\t\t\ttitle=\"Erd\u0151sor u. 62, Balatonkereszt\u00far, 8648\"\n\t\t\t\t\taria-label=\"Erd\u0151sor u. 62, Balatonkereszt\u00far, 8648\"\n\t\t\t><\/iframe>\n\t\t<\/div>\n\t\t\t\t\t\t<\/div>\n\t\t\t\t<\/div>\n\t\t\t\t\t<\/div>\n\t\t\t\t<\/div>\n\t\t\t\t<\/div>\n\t\t","protected":false},"excerpt":{"rendered":"<p>Chill &#038; BBQ &#038; Balaton &#8211; viele Programme warten auf Sie Programmm\u00f6glichkeiten im LuxVil Apartmentgel\u00e4nde im Sommer und an jedem Tag des Jahres. Grillen Im Garten hinter dem Apartmenthaus gibt es einen \u00fcberdachten, gegen Einblick von zwei Seiten gesch\u00fctzten privaten Pergola und Grillplatz. Schwimmbad Im Garten befindet sich ein zum Schwimmen geeignetes Schwimmbad. Dank der [&hellip;]<\/p>\n","protected":false},"author":2,"featured_media":0,"parent":0,"menu_order":0,"comment_status":"closed","ping_status":"closed","template":"","meta":{"footnotes":""},"class_list":["post-1382","page","type-page","status-publish","hentry","entry"],"_links":{"self":[{"href":"https:\/\/luxvil.hu\/de\/wp-json\/wp\/v2\/pages\/1382","targetHints":{"allow":["GET"]}}],"collection":[{"href":"https:\/\/luxvil.hu\/de\/wp-json\/wp\/v2\/pages"}],"about":[{"href":"https:\/\/luxvil.hu\/de\/wp-json\/wp\/v2\/types\/page"}],"author":[{"embeddable":true,"href":"https:\/\/luxvil.hu\/de\/wp-json\/wp\/v2\/users\/2"}],"replies":[{"embeddable":true,"href":"https:\/\/luxvil.hu\/de\/wp-json\/wp\/v2\/comments?post=1382"}],"version-history":[{"count":16,"href":"https:\/\/luxvil.hu\/de\/wp-json\/wp\/v2\/pages\/1382\/revisions"}],"predecessor-version":[{"id":1933,"href":"https:\/\/luxvil.hu\/de\/wp-json\/wp\/v2\/pages\/1382\/revisions\/1933"}],"wp:attachment":[{"href":"https:\/\/luxvil.hu\/de\/wp-json\/wp\/v2\/media?parent=1382"}],"curies":[{"name":"wp","href":"https:\/\/api.w.org\/{rel}","templated":true}]}}